{"id":19832,"date":"2022-03-21T08:30:54","date_gmt":"2022-03-21T08:30:54","guid":{"rendered":"https:\/\/blog.matusz-vad.hu\/gastronomie-festivals\/"},"modified":"2022-05-03T09:06:36","modified_gmt":"2022-05-03T09:06:36","slug":"gastronomie-festivals","status":"publish","type":"page","link":"https:\/\/blog.matusz-vad.hu\/sk\/gastronomie-festivals\/","title":{"rendered":"Gastronomie Festivals"},"content":{"rendered":"<div class=\"matus-fooldal-1 matus-entity-placement\" id=\"matus-1849891019\"><div id=\"matus-663812335\" style=\"margin-bottom: 30px;\"><a href=\"https:\/\/shop.matusz-vad.hu\/hu\/brand\/12315?utm_source=blog&#038;utm_medium=banner&#038;utm_campaign=heinz_2026_04&#038;ref=blog\" aria-label=\"Matusz-Vad_slider_Heinz_v2\"><img loading=\"lazy\" decoding=\"async\" src=\"https:\/\/blog.matusz-vad.hu\/wp-content\/uploads\/2023\/01\/Matusz-Vad_slider_Heinz_v2.jpg\" alt=\"\"  srcset=\"https:\/\/blog.matusz-vad.hu\/wp-content\/uploads\/2023\/01\/Matusz-Vad_slider_Heinz_v2.jpg 1383w, https:\/\/blog.matusz-vad.hu\/wp-content\/uploads\/2023\/01\/Matusz-Vad_slider_Heinz_v2-300x95.jpg 300w, https:\/\/blog.matusz-vad.hu\/wp-content\/uploads\/2023\/01\/Matusz-Vad_slider_Heinz_v2-1024x324.jpg 1024w, https:\/\/blog.matusz-vad.hu\/wp-content\/uploads\/2023\/01\/Matusz-Vad_slider_Heinz_v2-768x243.jpg 768w, https:\/\/blog.matusz-vad.hu\/wp-content\/uploads\/2023\/01\/Matusz-Vad_slider_Heinz_v2-18x6.jpg 18w, https:\/\/blog.matusz-vad.hu\/wp-content\/uploads\/2023\/01\/Matusz-Vad_slider_Heinz_v2-500x158.jpg 500w, https:\/\/blog.matusz-vad.hu\/wp-content\/uploads\/2023\/01\/Matusz-Vad_slider_Heinz_v2-1000x317.jpg 1000w, https:\/\/blog.matusz-vad.hu\/wp-content\/uploads\/2023\/01\/Matusz-Vad_slider_Heinz_v2-800x253.jpg 800w\" sizes=\"(max-width: 1383px) 100vw, 1383px\" width=\"1383\" height=\"438\"   \/><\/a><\/div><\/div><p>Gastronomie Festivals\t\t\t\t<\/p>\n<h2><\/h2>\n<\/p>\n<p>                    <a>R\u00e9szletek<\/a><br \/>\n\t\t\t\t\t\t\t\t\t\t\t\t\t\t\t<img decoding=\"async\" width=\"1020\" height=\"323\" src=\"https:\/\/blog.matusz-vad.hu\/wp-content\/uploads\/2022\/03\/vezirhus_slider_1383x438-1024x324.jpg\" alt=\"\" loading=\"lazy\" srcset=\"https:\/\/blog.matusz-vad.hu\/wp-content\/uploads\/2022\/03\/vezirhus_slider_1383x438-1024x324.jpg 1024w, https:\/\/blog.matusz-vad.hu\/wp-content\/uploads\/2022\/03\/vezirhus_slider_1383x438-300x95.jpg 300w, https:\/\/blog.matusz-vad.hu\/wp-content\/uploads\/2022\/03\/vezirhus_slider_1383x438-768x243.jpg 768w, https:\/\/blog.matusz-vad.hu\/wp-content\/uploads\/2022\/03\/vezirhus_slider_1383x438-189x60.jpg 189w, https:\/\/blog.matusz-vad.hu\/wp-content\/uploads\/2022\/03\/vezirhus_slider_1383x438.jpg 1383w\" sizes=\"auto, (max-width: 1020px) 100vw, 1020px\" \/><br \/>\n\t\t\t\t\t\t\t\t\t\t\t\t\t\t\t<img decoding=\"async\" width=\"600\" height=\"338\" src=\"https:\/\/blog.matusz-vad.hu\/wp-content\/uploads\/2022\/03\/steak-so\u0301val.gif\" alt=\"\" loading=\"lazy\" \/><br \/>\n\t\t[events-calendar-search placeholder=&#8221;Suchen Sie nach Veranstaltungen&#8221; show-events=&#8221;5&#8243; disable-past-events=&#8221;false&#8221; layout=&#8221;medium&#8221;][events-calendar-templates template=&#8221;default&#8221; style=&#8221;style-1&#8243; category=&#8221;all&#8221; date_format=&#8221;full&#8221; start_date=&#8221;&#8221; end_date=&#8221;&#8221; limit=&#8221;5&#8243; order=&#8221;ASC&#8221; hide-venue=&#8221;no&#8221; time=&#8221;future&#8221; featured-only=&#8221;false&#8221; columns=&#8221;2&#8243; autoplay=&#8221;true&#8221;]<\/p>\n<div class=\"matus-fooldal-3 matus-entity-placement\" id=\"matus-2716556957\"><div id=\"matus-3345068960\" style=\"margin-bottom: 30px;\"><a href=\"https:\/\/shop.matusz-vad.hu\/hu\/brand\/12315?utm_source=blog&#038;utm_medium=banner&#038;utm_campaign=heinz_2026_04&#038;ref=blog\" aria-label=\"Matusz-Vad_slider_Heinz_v2\"><img loading=\"lazy\" decoding=\"async\" src=\"https:\/\/blog.matusz-vad.hu\/wp-content\/uploads\/2023\/01\/Matusz-Vad_slider_Heinz_v2.jpg\" alt=\"\"  srcset=\"https:\/\/blog.matusz-vad.hu\/wp-content\/uploads\/2023\/01\/Matusz-Vad_slider_Heinz_v2.jpg 1383w, https:\/\/blog.matusz-vad.hu\/wp-content\/uploads\/2023\/01\/Matusz-Vad_slider_Heinz_v2-300x95.jpg 300w, https:\/\/blog.matusz-vad.hu\/wp-content\/uploads\/2023\/01\/Matusz-Vad_slider_Heinz_v2-1024x324.jpg 1024w, https:\/\/blog.matusz-vad.hu\/wp-content\/uploads\/2023\/01\/Matusz-Vad_slider_Heinz_v2-768x243.jpg 768w, https:\/\/blog.matusz-vad.hu\/wp-content\/uploads\/2023\/01\/Matusz-Vad_slider_Heinz_v2-18x6.jpg 18w, https:\/\/blog.matusz-vad.hu\/wp-content\/uploads\/2023\/01\/Matusz-Vad_slider_Heinz_v2-500x158.jpg 500w, https:\/\/blog.matusz-vad.hu\/wp-content\/uploads\/2023\/01\/Matusz-Vad_slider_Heinz_v2-1000x317.jpg 1000w, https:\/\/blog.matusz-vad.hu\/wp-content\/uploads\/2023\/01\/Matusz-Vad_slider_Heinz_v2-800x253.jpg 800w\" sizes=\"(max-width: 1383px) 100vw, 1383px\" width=\"1383\" height=\"438\"   \/><\/a><\/div><\/div>","protected":false},"excerpt":{"rendered":"<p>Gastronomie Festivals R\u00e9szletek [events-calendar-search placeholder=&#8221;Suchen Sie nach Veranstaltungen&#8221; show-events=&#8221;5&#8243; disable-past-events=&#8221;false&#8221; layout=&#8221;medium&#8221;][events-calendar-templates template=&#8221;default&#8221; style=&#8221;style-1&#8243; category=&#8221;all&#8221; date_format=&#8221;full&#8221; start_date=&#8221;&#8221; end_date=&#8221;&#8221; limit=&#8221;5&#8243; order=&#8221;ASC&#8221; hide-venue=&#8221;no&#8221; time=&#8221;future&#8221; featured-only=&#8221;false&#8221; columns=&#8221;2&#8243; autoplay=&#8221;true&#8221;]<\/p>\n","protected":false},"author":41,"featured_media":0,"parent":0,"menu_order":0,"comment_status":"closed","ping_status":"closed","template":"elementor_header_footer","meta":{"footnotes":""},"class_list":["post-19832","page","type-page","status-publish","hentry"],"yoast_head":"<!-- This site is optimized with the Yoast SEO Premium plugin v27.5 (Yoast SEO v27.5) - https:\/\/yoast.com\/product\/yoast-seo-premium-wordpress\/ -->\n<title>Gastronomie Festivals - Matusz-Vad Blog<\/title>\n<meta name=\"robots\" content=\"index, follow, max-snippet:-1, max-image-preview:large, max-video-preview:-1\" \/>\n<link rel=\"canonical\" href=\"https:\/\/blog.matusz-vad.hu\/sk\/gastronomie-festivals\/\" \/>\n<meta property=\"og:locale\" content=\"sk_SK\" \/>\n<meta property=\"og:type\" content=\"article\" \/>\n<meta property=\"og:title\" content=\"Gastronomie Festivals\" \/>\n<meta property=\"og:description\" content=\"Gastronomie Festivals R\u00e9szletek [events-calendar-search placeholder=&#8221;Suchen Sie nach Veranstaltungen&#8221; show-events=&#8221;5&#8243; disable-past-events=&#8221;false&#8221; layout=&#8221;medium&#8221;][events-calendar-templates template=&#8221;default&#8221; style=&#8221;style-1&#8243; category=&#8221;all&#8221; date_format=&#8221;full&#8221; start_date=&#8221;&#8221; end_date=&#8221;&#8221; limit=&#8221;5&#8243; order=&#8221;ASC&#8221; hide-venue=&#8221;no&#8221; time=&#8221;future&#8221; featured-only=&#8221;false&#8221; columns=&#8221;2&#8243; autoplay=&#8221;true&#8221;]\" \/>\n<meta property=\"og:url\" content=\"https:\/\/blog.matusz-vad.hu\/sk\/gastronomie-festivals\/\" \/>\n<meta property=\"og:site_name\" content=\"Matusz-Vad Blog\" \/>\n<meta property=\"article:publisher\" content=\"https:\/\/www.facebook.com\/MatuszVad\" \/>\n<meta property=\"article:modified_time\" content=\"2022-05-03T09:06:36+00:00\" \/>\n<meta property=\"og:image\" content=\"https:\/\/blog.matusz-vad.hu\/wp-content\/uploads\/2022\/03\/vezirhus_slider_1383x438-1024x324.jpg\" \/>\n<meta name=\"twitter:card\" content=\"summary_large_image\" \/>\n<meta name=\"twitter:label1\" content=\"Predpokladan\u00fd \u010das \u010d\u00edtania\" \/>\n\t<meta name=\"twitter:data1\" content=\"1 min\u00fata\" \/>\n<script type=\"application\/ld+json\" class=\"yoast-schema-graph\">{\"@context\":\"https:\\\/\\\/schema.org\",\"@graph\":[{\"@type\":\"WebPage\",\"@id\":\"https:\\\/\\\/blog.matusz-vad.hu\\\/gastronomie-festivals\\\/\",\"url\":\"https:\\\/\\\/blog.matusz-vad.hu\\\/gastronomie-festivals\\\/\",\"name\":\"Gastronomie Festivals - Matusz-Vad Blog\",\"isPartOf\":{\"@id\":\"https:\\\/\\\/blog.matusz-vad.hu\\\/#website\"},\"primaryImageOfPage\":{\"@id\":\"https:\\\/\\\/blog.matusz-vad.hu\\\/gastronomie-festivals\\\/#primaryimage\"},\"image\":{\"@id\":\"https:\\\/\\\/blog.matusz-vad.hu\\\/gastronomie-festivals\\\/#primaryimage\"},\"thumbnailUrl\":\"https:\\\/\\\/blog.matusz-vad.hu\\\/wp-content\\\/uploads\\\/2022\\\/03\\\/vezirhus_slider_1383x438-1024x324.jpg\",\"datePublished\":\"2022-03-21T08:30:54+00:00\",\"dateModified\":\"2022-05-03T09:06:36+00:00\",\"breadcrumb\":{\"@id\":\"https:\\\/\\\/blog.matusz-vad.hu\\\/gastronomie-festivals\\\/#breadcrumb\"},\"inLanguage\":\"sk-SK\",\"potentialAction\":[{\"@type\":\"ReadAction\",\"target\":[\"https:\\\/\\\/blog.matusz-vad.hu\\\/gastronomie-festivals\\\/\"]}]},{\"@type\":\"ImageObject\",\"inLanguage\":\"sk-SK\",\"@id\":\"https:\\\/\\\/blog.matusz-vad.hu\\\/gastronomie-festivals\\\/#primaryimage\",\"url\":\"https:\\\/\\\/blog.matusz-vad.hu\\\/wp-content\\\/uploads\\\/2022\\\/03\\\/vezirhus_slider_1383x438-1024x324.jpg\",\"contentUrl\":\"https:\\\/\\\/blog.matusz-vad.hu\\\/wp-content\\\/uploads\\\/2022\\\/03\\\/vezirhus_slider_1383x438-1024x324.jpg\"},{\"@type\":\"BreadcrumbList\",\"@id\":\"https:\\\/\\\/blog.matusz-vad.hu\\\/gastronomie-festivals\\\/#breadcrumb\",\"itemListElement\":[{\"@type\":\"ListItem\",\"position\":1,\"name\":\"Kezd\u0151lap\",\"item\":\"https:\\\/\\\/blog.matusz-vad.hu\\\/\"},{\"@type\":\"ListItem\",\"position\":2,\"name\":\"Gastronomie Festivals\"}]},{\"@type\":\"WebSite\",\"@id\":\"https:\\\/\\\/blog.matusz-vad.hu\\\/#website\",\"url\":\"https:\\\/\\\/blog.matusz-vad.hu\\\/\",\"name\":\"Matusz-Vad Blog\",\"description\":\"Inspir\u00e1ci\u00f3s magazin a gasztron\u00f3mia szerepl\u0151i r\u00e9sz\u00e9re\",\"publisher\":{\"@id\":\"https:\\\/\\\/blog.matusz-vad.hu\\\/#organization\"},\"potentialAction\":[{\"@type\":\"SearchAction\",\"target\":{\"@type\":\"EntryPoint\",\"urlTemplate\":\"https:\\\/\\\/blog.matusz-vad.hu\\\/?s={search_term_string}\"},\"query-input\":{\"@type\":\"PropertyValueSpecification\",\"valueRequired\":true,\"valueName\":\"search_term_string\"}}],\"inLanguage\":\"sk-SK\"},{\"@type\":\"Organization\",\"@id\":\"https:\\\/\\\/blog.matusz-vad.hu\\\/#organization\",\"name\":\"Matusz-Vad Blog\",\"url\":\"https:\\\/\\\/blog.matusz-vad.hu\\\/\",\"logo\":{\"@type\":\"ImageObject\",\"inLanguage\":\"sk-SK\",\"@id\":\"https:\\\/\\\/blog.matusz-vad.hu\\\/#\\\/schema\\\/logo\\\/image\\\/\",\"url\":\"https:\\\/\\\/blog.matusz-vad.hu\\\/wp-content\\\/uploads\\\/2021\\\/09\\\/cropped-Matusz_logo_teljes.jpg\",\"contentUrl\":\"https:\\\/\\\/blog.matusz-vad.hu\\\/wp-content\\\/uploads\\\/2021\\\/09\\\/cropped-Matusz_logo_teljes.jpg\",\"width\":801,\"height\":338,\"caption\":\"Matusz-Vad Blog\"},\"image\":{\"@id\":\"https:\\\/\\\/blog.matusz-vad.hu\\\/#\\\/schema\\\/logo\\\/image\\\/\"},\"sameAs\":[\"https:\\\/\\\/www.facebook.com\\\/MatuszVad\",\"https:\\\/\\\/www.linkedin.com\\\/company\\\/14790524\\\/admin\\\/\",\"https:\\\/\\\/www.facebook.com\\\/GourmetMarketPoweredByMatusz\"]}]}<\/script>\n<!-- \/ Yoast SEO Premium plugin. -->","yoast_head_json":{"title":"Gastronomie Festivals - Matusz-Vad Blog","robots":{"index":"index","follow":"follow","max-snippet":"max-snippet:-1","max-image-preview":"max-image-preview:large","max-video-preview":"max-video-preview:-1"},"canonical":"https:\/\/blog.matusz-vad.hu\/sk\/gastronomie-festivals\/","og_locale":"sk_SK","og_type":"article","og_title":"Gastronomie Festivals","og_description":"Gastronomie Festivals R\u00e9szletek [events-calendar-search placeholder=&#8221;Suchen Sie nach Veranstaltungen&#8221; show-events=&#8221;5&#8243; disable-past-events=&#8221;false&#8221; layout=&#8221;medium&#8221;][events-calendar-templates template=&#8221;default&#8221; style=&#8221;style-1&#8243; category=&#8221;all&#8221; date_format=&#8221;full&#8221; start_date=&#8221;&#8221; end_date=&#8221;&#8221; limit=&#8221;5&#8243; order=&#8221;ASC&#8221; hide-venue=&#8221;no&#8221; time=&#8221;future&#8221; featured-only=&#8221;false&#8221; columns=&#8221;2&#8243; autoplay=&#8221;true&#8221;]","og_url":"https:\/\/blog.matusz-vad.hu\/sk\/gastronomie-festivals\/","og_site_name":"Matusz-Vad Blog","article_publisher":"https:\/\/www.facebook.com\/MatuszVad","article_modified_time":"2022-05-03T09:06:36+00:00","og_image":[{"url":"https:\/\/blog.matusz-vad.hu\/wp-content\/uploads\/2022\/03\/vezirhus_slider_1383x438-1024x324.jpg","type":"","width":"","height":""}],"twitter_card":"summary_large_image","twitter_misc":{"Predpokladan\u00fd \u010das \u010d\u00edtania":"1 min\u00fata"},"schema":{"@context":"https:\/\/schema.org","@graph":[{"@type":"WebPage","@id":"https:\/\/blog.matusz-vad.hu\/gastronomie-festivals\/","url":"https:\/\/blog.matusz-vad.hu\/gastronomie-festivals\/","name":"Gastronomie Festivals - Matusz-Vad Blog","isPartOf":{"@id":"https:\/\/blog.matusz-vad.hu\/#website"},"primaryImageOfPage":{"@id":"https:\/\/blog.matusz-vad.hu\/gastronomie-festivals\/#primaryimage"},"image":{"@id":"https:\/\/blog.matusz-vad.hu\/gastronomie-festivals\/#primaryimage"},"thumbnailUrl":"https:\/\/blog.matusz-vad.hu\/wp-content\/uploads\/2022\/03\/vezirhus_slider_1383x438-1024x324.jpg","datePublished":"2022-03-21T08:30:54+00:00","dateModified":"2022-05-03T09:06:36+00:00","breadcrumb":{"@id":"https:\/\/blog.matusz-vad.hu\/gastronomie-festivals\/#breadcrumb"},"inLanguage":"sk-SK","potentialAction":[{"@type":"ReadAction","target":["https:\/\/blog.matusz-vad.hu\/gastronomie-festivals\/"]}]},{"@type":"ImageObject","inLanguage":"sk-SK","@id":"https:\/\/blog.matusz-vad.hu\/gastronomie-festivals\/#primaryimage","url":"https:\/\/blog.matusz-vad.hu\/wp-content\/uploads\/2022\/03\/vezirhus_slider_1383x438-1024x324.jpg","contentUrl":"https:\/\/blog.matusz-vad.hu\/wp-content\/uploads\/2022\/03\/vezirhus_slider_1383x438-1024x324.jpg"},{"@type":"BreadcrumbList","@id":"https:\/\/blog.matusz-vad.hu\/gastronomie-festivals\/#breadcrumb","itemListElement":[{"@type":"ListItem","position":1,"name":"Kezd\u0151lap","item":"https:\/\/blog.matusz-vad.hu\/"},{"@type":"ListItem","position":2,"name":"Gastronomie Festivals"}]},{"@type":"WebSite","@id":"https:\/\/blog.matusz-vad.hu\/#website","url":"https:\/\/blog.matusz-vad.hu\/","name":"Matusz-Vad Blog","description":"In\u0161pirat\u00edvny \u010dasopis pre profesion\u00e1lov v oblasti gastron\u00f3mie","publisher":{"@id":"https:\/\/blog.matusz-vad.hu\/#organization"},"potentialAction":[{"@type":"SearchAction","target":{"@type":"EntryPoint","urlTemplate":"https:\/\/blog.matusz-vad.hu\/?s={search_term_string}"},"query-input":{"@type":"PropertyValueSpecification","valueRequired":true,"valueName":"search_term_string"}}],"inLanguage":"sk-SK"},{"@type":"Organization","@id":"https:\/\/blog.matusz-vad.hu\/#organization","name":"Matusz-Vad Blog","url":"https:\/\/blog.matusz-vad.hu\/","logo":{"@type":"ImageObject","inLanguage":"sk-SK","@id":"https:\/\/blog.matusz-vad.hu\/#\/schema\/logo\/image\/","url":"https:\/\/blog.matusz-vad.hu\/wp-content\/uploads\/2021\/09\/cropped-Matusz_logo_teljes.jpg","contentUrl":"https:\/\/blog.matusz-vad.hu\/wp-content\/uploads\/2021\/09\/cropped-Matusz_logo_teljes.jpg","width":801,"height":338,"caption":"Matusz-Vad Blog"},"image":{"@id":"https:\/\/blog.matusz-vad.hu\/#\/schema\/logo\/image\/"},"sameAs":["https:\/\/www.facebook.com\/MatuszVad","https:\/\/www.linkedin.com\/company\/14790524\/admin\/","https:\/\/www.facebook.com\/GourmetMarketPoweredByMatusz"]}]}},"jetpack-related-posts":[],"jetpack_sharing_enabled":true,"_links":{"self":[{"href":"https:\/\/blog.matusz-vad.hu\/sk\/wp-json\/wp\/v2\/pages\/19832","targetHints":{"allow":["GET"]}}],"collection":[{"href":"https:\/\/blog.matusz-vad.hu\/sk\/wp-json\/wp\/v2\/pages"}],"about":[{"href":"https:\/\/blog.matusz-vad.hu\/sk\/wp-json\/wp\/v2\/types\/page"}],"author":[{"embeddable":true,"href":"https:\/\/blog.matusz-vad.hu\/sk\/wp-json\/wp\/v2\/users\/41"}],"replies":[{"embeddable":true,"href":"https:\/\/blog.matusz-vad.hu\/sk\/wp-json\/wp\/v2\/comments?post=19832"}],"version-history":[{"count":7,"href":"https:\/\/blog.matusz-vad.hu\/sk\/wp-json\/wp\/v2\/pages\/19832\/revisions"}],"predecessor-version":[{"id":21217,"href":"https:\/\/blog.matusz-vad.hu\/sk\/wp-json\/wp\/v2\/pages\/19832\/revisions\/21217"}],"wp:attachment":[{"href":"https:\/\/blog.matusz-vad.hu\/sk\/wp-json\/wp\/v2\/media?parent=19832"}],"curies":[{"name":"wp","href":"https:\/\/api.w.org\/{rel}","templated":true}]}}